{"id":1063,"date":"2021-10-04T15:14:31","date_gmt":"2021-10-04T15:14:31","guid":{"rendered":"https:\/\/acemesclerosis.org\/?page_id=1063"},"modified":"2026-03-05T10:23:32","modified_gmt":"2026-03-05T10:23:32","slug":"fisioterapia-2","status":"publish","type":"page","link":"https:\/\/acemesclerosis.org\/?page_id=1063&lang=gl","title":{"rendered":"Fisioterapia"},"content":{"rendered":"\t\t<div data-elementor-type=\"wp-page\" data-elementor-id=\"1063\" class=\"elementor elementor-1063\" data-elementor-settings=\"[]\">\n\t\t\t\t\t\t\t<div class=\"elementor-section-wrap\">\n\t\t\t\t\t\t\t<section class=\"elementor-section elementor-top-section elementor-element elementor-element-86375de elementor-section-full_width elementor-section-height-min-height elementor-section-height-default elementor-section-items-middle\" data-id=\"86375de\" data-element_type=\"section\" data-settings=\"{&quot;background_background&quot;:&quot;classic&quot;,&quot;background_motion_fx_motion_fx_scrolling&quot;:&quot;yes&quot;,&quot;background_motion_fx_devices&quot;:[&quot;desktop&quot;,&quot;tablet&quot;,&quot;mobile&quot;]}\">\n\t\t\t\t\t\t<div class=\"elementor-container elementor-column-gap-no\">\n\t\t\t\t\t<div class=\"elementor-column elementor-col-100 elementor-top-column elementor-element elementor-element-f1fb508\" data-id=\"f1fb508\" data-element_type=\"column\">\n\t\t\t<div class=\"elementor-widget-wrap elementor-element-populated\">\n\t\t\t\t\t\t\t\t<div class=\"elementor-element elementor-element-ca0bfeb elementor--h-position-center elementor--v-position-middle elementor-arrows-position-inside elementor-pagination-position-inside elementor-widget elementor-widget-slides\" data-id=\"ca0bfeb\" data-element_type=\"widget\" data-settings=\"{&quot;navigation&quot;:&quot;both&quot;,&quot;autoplay&quot;:&quot;yes&quot;,&quot;pause_on_hover&quot;:&quot;yes&quot;,&quot;pause_on_interaction&quot;:&quot;yes&quot;,&quot;autoplay_speed&quot;:5000,&quot;infinite&quot;:&quot;yes&quot;,&quot;transition&quot;:&quot;slide&quot;,&quot;transition_speed&quot;:500}\" data-widget_type=\"slides.default\">\n\t\t\t\t<div class=\"elementor-widget-container\">\n\t\t\t\t\t<div class=\"elementor-swiper\">\n\t\t\t<div class=\"elementor-slides-wrapper elementor-main-swiper swiper-container\" dir=\"ltr\" data-animation=\"fadeInUp\">\n\t\t\t\t<div class=\"swiper-wrapper elementor-slides\">\n\t\t\t\t\t<div class=\"elementor-repeater-item-ebf784f swiper-slide\"><div class=\"swiper-slide-bg\"><\/div><div class=\"swiper-slide-inner\" ><div class=\"swiper-slide-contents\"><\/div><\/div><\/div>\t\t\t\t<\/div>\n\t\t\t\t\t\t\t<\/div>\n\t\t<\/div>\n\t\t\t\t<\/div>\n\t\t\t\t<\/div>\n\t\t\t\t\t<\/div>\n\t\t<\/div>\n\t\t\t\t\t\t\t<\/div>\n\t\t<\/section>\n\t\t\t\t<section class=\"elementor-section elementor-top-section elementor-element elementor-element-df529c1 elementor-section-boxed elementor-section-height-default elementor-section-height-default\" data-id=\"df529c1\" data-element_type=\"section\" data-settings=\"{&quot;background_background&quot;:&quot;classic&quot;}\">\n\t\t\t\t\t\t<div class=\"elementor-container elementor-column-gap-default\">\n\t\t\t\t\t<div class=\"elementor-column elementor-col-100 elementor-top-column elementor-element elementor-element-1c92d6c\" data-id=\"1c92d6c\" data-element_type=\"column\">\n\t\t\t<div class=\"elementor-widget-wrap elementor-element-populated\">\n\t\t\t\t\t\t\t\t<div class=\"elementor-element elementor-element-2b46529 elementor-widget elementor-widget-heading\" data-id=\"2b46529\" data-element_type=\"widget\" data-widget_type=\"heading.default\">\n\t\t\t\t<div class=\"elementor-widget-container\">\n\t\t\t<h2 class=\"elementor-heading-title elementor-size-default\">fisioterapia<\/h2>\t\t<\/div>\n\t\t\t\t<\/div>\n\t\t\t\t\t<\/div>\n\t\t<\/div>\n\t\t\t\t\t\t\t<\/div>\n\t\t<\/section>\n\t\t\t\t<section class=\"elementor-section elementor-top-section elementor-element elementor-element-d4af4d4 elementor-section-boxed elementor-section-height-default elementor-section-height-default\" data-id=\"d4af4d4\" data-element_type=\"section\" data-settings=\"{&quot;background_background&quot;:&quot;classic&quot;}\">\n\t\t\t\t\t\t<div class=\"elementor-container elementor-column-gap-default\">\n\t\t\t\t\t<div class=\"elementor-column elementor-col-100 elementor-top-column elementor-element elementor-element-f916212\" data-id=\"f916212\" data-element_type=\"column\">\n\t\t\t<div class=\"elementor-widget-wrap elementor-element-populated\">\n\t\t\t\t\t\t\t\t<div class=\"elementor-element elementor-element-79b0ab5 elementor-widget elementor-widget-text-editor\" data-id=\"79b0ab5\" data-element_type=\"widget\" data-widget_type=\"text-editor.default\">\n\t\t\t\t<div class=\"elementor-widget-container\">\n\t\t\t\t\t\t\t\t<div class=\"elementor-element elementor-element-77e7edc elementor-widget elementor-widget-text-editor\" data-ide=\"77e7edc\" data-element_type=\"widget\" data-widget_type=\"text-editor.default\">\n<div class=\"elementor-widget-container\">\n\nEn outubro de 2020 a asociaci\u00f3n incorporou un novo servizo mediante a firma dun convenio de colaboraci\u00f3n coa cl\u00ednica Fisioterapeuta do Maior para ofrecer o servizo de fisioterapia a novos usuari@s.\n\nOs usuari@s do servizo te\u00f1en como caracter\u00edstica com\u00fan a diminuci\u00f3n da capacidade f\u00edsica e da funcionalidade debido \u00e1 s\u00faa patolox\u00eda, e ademais, debido \u00e1 s\u00faa cronicidade, a presenza destes s\u00edntomas f\u00edsicos prolongarase no tempo, ou mesmo se agravar\u00e1. Por todo iso a atenci\u00f3n fisioter\u00e1pica prestada contrib\u00fae ao control e mellor\u00eda ou estancamento do estado de sa\u00fade e calidade de vida destas persoas a condici\u00f3n de que esta atenci\u00f3n sexa continuada no tempo.\n\n<\/div>\n<\/div>\t\t\t\t\t\t<\/div>\n\t\t\t\t<\/div>\n\t\t\t\t\t<\/div>\n\t\t<\/div>\n\t\t\t\t\t\t\t<\/div>\n\t\t<\/section>\n\t\t\t\t<section class=\"elementor-section elementor-top-section elementor-element elementor-element-64e558e elementor-section-boxed elementor-section-height-default elementor-section-height-default\" data-id=\"64e558e\" data-element_type=\"section\" data-settings=\"{&quot;background_background&quot;:&quot;classic&quot;}\">\n\t\t\t\t\t\t<div class=\"elementor-container elementor-column-gap-default\">\n\t\t\t\t\t<div class=\"elementor-column elementor-col-100 elementor-top-column elementor-element elementor-element-7daaebf\" data-id=\"7daaebf\" data-element_type=\"column\">\n\t\t\t<div class=\"elementor-widget-wrap elementor-element-populated\">\n\t\t\t\t\t\t\t\t<div class=\"elementor-element elementor-element-a12d965 elementor-widget elementor-widget-heading\" data-id=\"a12d965\" data-element_type=\"widget\" data-widget_type=\"heading.default\">\n\t\t\t\t<div class=\"elementor-widget-container\">\n\t\t\t<h2 class=\"elementor-heading-title elementor-size-default\">obxectivos<\/h2>\t\t<\/div>\n\t\t\t\t<\/div>\n\t\t\t\t\t<\/div>\n\t\t<\/div>\n\t\t\t\t\t\t\t<\/div>\n\t\t<\/section>\n\t\t\t\t<section class=\"elementor-section elementor-top-section elementor-element elementor-element-d20046e elementor-section-boxed elementor-section-height-default elementor-section-height-default\" data-id=\"d20046e\" data-element_type=\"section\" data-settings=\"{&quot;background_background&quot;:&quot;classic&quot;}\">\n\t\t\t\t\t\t<div class=\"elementor-container elementor-column-gap-default\">\n\t\t\t\t\t<div class=\"elementor-column elementor-col-100 elementor-top-column elementor-element elementor-element-b58d5d5\" data-id=\"b58d5d5\" data-element_type=\"column\">\n\t\t\t<div class=\"elementor-widget-wrap elementor-element-populated\">\n\t\t\t\t\t\t\t\t<div class=\"elementor-element elementor-element-6c3656c elementor-widget elementor-widget-text-editor\" data-id=\"6c3656c\" data-element_type=\"widget\" data-widget_type=\"text-editor.default\">\n\t\t\t\t<div class=\"elementor-widget-container\">\n\t\t\t\t\t\t\t\t<ol start=\"1\" type=\"1\">\n \t<li class=\"m_-1706654631367917971MsoListParagraphCxSpFirst\">Dar informaci\u00f3n \u00e1s persoas que padecen EM e \u00e1s s\u00faas familias sobre a patolox\u00eda e os seus s\u00edntomas e t\u00e9cnicas para o seu tratamento.<b><ou><\/ou><ou><\/ou><\/b><\/li>\n<\/ol>\n<p class=\"m_-1706654631367917971MsoListParagraphCxSpMiddle\"><b><ou><\/ou> <ou><\/ou><\/b><\/p>\n\n<ol start=\"2\" type=\"1\">\n \t<li class=\"m_-1706654631367917971MsoListParagraphCxSpMiddle\">Facilitar o acceso de persoas que padecen unha EM ao tratamento fisioter\u00e1pico dos seus s\u00edntomas no seu domicilio ou na cl\u00ednica.<b><ou><\/ou><ou><\/ou><\/b><\/li>\n<\/ol>\n<p class=\"m_-1706654631367917971MsoListParagraphCxSpMiddle\"><ou><\/ou> <ou><\/ou><\/p>\n\n<ol start=\"3\" type=\"1\">\n \t<li class=\"m_-1706654631367917971MsoListParagraphCxSpMiddle\">Actuar na prevenci\u00f3n de problem\u00e1ticas af\u00edns, como alteraci\u00f3ns circulatorias e tr\u00f3ficas, complicaci\u00f3ns respiratorias, alteraci\u00f3ns musculoesquel\u00e9ticas e ortop\u00e9dicas, etc.<ou><\/ou><ou><\/ou><\/li>\n<\/ol>\n<p class=\"m_-1706654631367917971MsoListParagraphCxSpMiddle\"><ou><\/ou> <ou><\/ou><\/p>\n\n<ol start=\"4\" type=\"1\">\n \t<li class=\"m_-1706654631367917971MsoListParagraphCxSpMiddle\">Conseguir que as persoas afectadas logren no posible unha m\u00e1xima capacidade funcional e independencia nas Actividades da Vida Diaria (AVD), logrando as\u00ed incrementar a s\u00faa calidade de vida e a das s\u00faas familias.<ou><\/ou><ou><\/ou><\/li>\n<\/ol>\n<p class=\"m_-1706654631367917971MsoListParagraphCxSpMiddle\"><ou><\/ou> <ou><\/ou><\/p>\n\n<ol start=\"5\" type=\"1\">\n \t<li class=\"m_-1706654631367917971MsoListParagraphCxSpMiddle\">Fomentar a participaci\u00f3n e iniciativa do paciente.<ou><\/ou><ou><\/ou><\/li>\n<\/ol>\n<p class=\"m_-1706654631367917971MsoListParagraphCxSpMiddle\"><ou><\/ou> <ou><\/ou><\/p>\n\n<ol start=\"6\" type=\"1\">\n \t<li class=\"m_-1706654631367917971MsoListParagraphCxSpMiddle\">Fomentar as s\u00faas relaci\u00f3ns sociais.<ou><\/ou><ou><\/ou><\/li>\n<\/ol>\n<p class=\"m_-1706654631367917971MsoListParagraphCxSpMiddle\"><ou><\/ou> <ou><\/ou><\/p>\n\n<ol start=\"7\" type=\"1\">\n \t<li class=\"m_-1706654631367917971MsoListParagraphCxSpMiddle\">Favorecer a adherencia ao tratamento.<\/li>\n<\/ol>\t\t\t\t\t\t<\/div>\n\t\t\t\t<\/div>\n\t\t\t\t\t<\/div>\n\t\t<\/div>\n\t\t\t\t\t\t\t<\/div>\n\t\t<\/section>\n\t\t\t\t\t\t<\/div>\n\t\t\t\t\t<\/div>\n\t\t","protected":false},"excerpt":{"rendered":"<p>fisioterapia En outubro de 2020 a asociaci\u00f3n incorporou un novo servizo mediante a firma dun convenio de colaboraci\u00f3n coa cl\u00ednica Fisioterapeuta do Maior para ofrecer o servizo de fisioterapia a novos usuari@s. Os usuari@s do servizo te\u00f1en como caracter\u00edstica com\u00fan a diminuci\u00f3n da capacidade f\u00edsica e da funcionalidade debido \u00e1 s\u00faa patolox\u00eda, e ademais, debido [&hellip;]<\/p>\n","protected":false},"author":1,"featured_media":0,"parent":0,"menu_order":0,"comment_status":"closed","ping_status":"closed","template":"elementor_header_footer","meta":{"footnotes":""},"class_list":["post-1063","page","type-page","status-publish","hentry"],"yoast_head":"<!-- This site is optimized with the Yoast SEO plugin v17.9 - https:\/\/yoast.com\/wordpress\/plugins\/seo\/ -->\n<title>Fisioterapia - ACEM Esclerosis<\/title>\n<meta name=\"robots\" content=\"index, follow, max-snippet:-1, max-image-preview:large, max-video-preview:-1\" \/>\n<link rel=\"canonical\" href=\"https:\/\/acemesclerosis.org\/?page_id=1063&#038;lang=gl\" \/>\n<meta property=\"og:locale\" content=\"es_ES\" \/>\n<meta property=\"og:type\" content=\"article\" \/>\n<meta property=\"og:title\" content=\"Fisioterapia - ACEM Esclerosis\" \/>\n<meta property=\"og:description\" content=\"fisioterapia En outubro de 2020 a asociaci\u00f3n incorporou un novo servizo mediante a firma dun convenio de colaboraci\u00f3n coa cl\u00ednica Fisioterapeuta do Maior para ofrecer o servizo de fisioterapia a novos usuari@s. Os usuari@s do servizo te\u00f1en como caracter\u00edstica com\u00fan a diminuci\u00f3n da capacidade f\u00edsica e da funcionalidade debido \u00e1 s\u00faa patolox\u00eda, e ademais, debido [&hellip;]\" \/>\n<meta property=\"og:url\" content=\"https:\/\/acemesclerosis.org\/?page_id=1063&amp;lang=gl\" \/>\n<meta property=\"og:site_name\" content=\"ACEM Esclerosis\" \/>\n<meta property=\"article:modified_time\" content=\"2026-03-05T10:23:32+00:00\" \/>\n<meta name=\"twitter:card\" content=\"summary_large_image\" \/>\n<meta name=\"twitter:label1\" content=\"Tiempo de lectura\" \/>\n\t<meta name=\"twitter:data1\" content=\"1 minuto\" \/>\n<script type=\"application\/ld+json\" class=\"yoast-schema-graph\">{\"@context\":\"https:\/\/schema.org\",\"@graph\":[{\"@type\":\"Organization\",\"@id\":\"https:\/\/192.168.1.117:8086\/#organization\",\"name\":\"Acem Esclerosis\",\"url\":\"https:\/\/192.168.1.117:8086\/\",\"sameAs\":[],\"logo\":{\"@type\":\"ImageObject\",\"@id\":\"https:\/\/192.168.1.117:8086\/#logo\",\"inLanguage\":\"es\",\"url\":\"https:\/\/acemesclerosis.org\/wp-content\/uploads\/2021\/09\/WhatsApp-Image-2021-09-27-at-14.06.43.jpeg\",\"contentUrl\":\"https:\/\/acemesclerosis.org\/wp-content\/uploads\/2021\/09\/WhatsApp-Image-2021-09-27-at-14.06.43.jpeg\",\"width\":1600,\"height\":592,\"caption\":\"Acem Esclerosis\"},\"image\":{\"@id\":\"https:\/\/192.168.1.117:8086\/#logo\"}},{\"@type\":\"WebSite\",\"@id\":\"https:\/\/192.168.1.117:8086\/#website\",\"url\":\"https:\/\/192.168.1.117:8086\/\",\"name\":\"ACEM Esclerosis\",\"description\":\"Asociaci\\u00f3n Coru\\u00f1esa de Esclerosis M\\u00faltiple\",\"publisher\":{\"@id\":\"https:\/\/192.168.1.117:8086\/#organization\"},\"potentialAction\":[{\"@type\":\"SearchAction\",\"target\":{\"@type\":\"EntryPoint\",\"urlTemplate\":\"https:\/\/192.168.1.117:8086\/?s={search_term_string}\"},\"query-input\":\"required name=search_term_string\"}],\"inLanguage\":\"es\"},{\"@type\":\"WebPage\",\"@id\":\"https:\/\/acemesclerosis.org\/?page_id=1063&lang=gl#webpage\",\"url\":\"https:\/\/acemesclerosis.org\/?page_id=1063&lang=gl\",\"name\":\"Fisioterapia - ACEM Esclerosis\",\"isPartOf\":{\"@id\":\"https:\/\/192.168.1.117:8086\/#website\"},\"datePublished\":\"2021-10-04T15:14:31+00:00\",\"dateModified\":\"2026-03-05T10:23:32+00:00\",\"breadcrumb\":{\"@id\":\"https:\/\/acemesclerosis.org\/?page_id=1063&lang=gl#breadcrumb\"},\"inLanguage\":\"es\",\"potentialAction\":[{\"@type\":\"ReadAction\",\"target\":[\"https:\/\/acemesclerosis.org\/?page_id=1063&lang=gl\"]}]},{\"@type\":\"BreadcrumbList\",\"@id\":\"https:\/\/acemesclerosis.org\/?page_id=1063&lang=gl#breadcrumb\",\"itemListElement\":[{\"@type\":\"ListItem\",\"position\":1,\"name\":\"Portada\",\"item\":\"https:\/\/192.168.1.117:8086\/\"},{\"@type\":\"ListItem\",\"position\":2,\"name\":\"Fisioterapia\"}]}]}<\/script>\n<!-- \/ Yoast SEO plugin. -->","yoast_head_json":{"title":"Fisioterapia - ACEM Esclerosis","robots":{"index":"index","follow":"follow","max-snippet":"max-snippet:-1","max-image-preview":"max-image-preview:large","max-video-preview":"max-video-preview:-1"},"canonical":"https:\/\/acemesclerosis.org\/?page_id=1063&lang=gl","og_locale":"es_ES","og_type":"article","og_title":"Fisioterapia - ACEM Esclerosis","og_description":"fisioterapia En outubro de 2020 a asociaci\u00f3n incorporou un novo servizo mediante a firma dun convenio de colaboraci\u00f3n coa cl\u00ednica Fisioterapeuta do Maior para ofrecer o servizo de fisioterapia a novos usuari@s. Os usuari@s do servizo te\u00f1en como caracter\u00edstica com\u00fan a diminuci\u00f3n da capacidade f\u00edsica e da funcionalidade debido \u00e1 s\u00faa patolox\u00eda, e ademais, debido [&hellip;]","og_url":"https:\/\/acemesclerosis.org\/?page_id=1063&lang=gl","og_site_name":"ACEM Esclerosis","article_modified_time":"2026-03-05T10:23:32+00:00","twitter_card":"summary_large_image","twitter_misc":{"Tiempo de lectura":"1 minuto"},"schema":{"@context":"https:\/\/schema.org","@graph":[{"@type":"Organization","@id":"https:\/\/192.168.1.117:8086\/#organization","name":"Acem Esclerosis","url":"https:\/\/192.168.1.117:8086\/","sameAs":[],"logo":{"@type":"ImageObject","@id":"https:\/\/192.168.1.117:8086\/#logo","inLanguage":"es","url":"https:\/\/acemesclerosis.org\/wp-content\/uploads\/2021\/09\/WhatsApp-Image-2021-09-27-at-14.06.43.jpeg","contentUrl":"https:\/\/acemesclerosis.org\/wp-content\/uploads\/2021\/09\/WhatsApp-Image-2021-09-27-at-14.06.43.jpeg","width":1600,"height":592,"caption":"Acem Esclerosis"},"image":{"@id":"https:\/\/192.168.1.117:8086\/#logo"}},{"@type":"WebSite","@id":"https:\/\/192.168.1.117:8086\/#website","url":"https:\/\/192.168.1.117:8086\/","name":"ACEM Esclerosis","description":"Asociaci\u00f3n Coru\u00f1esa de Esclerosis M\u00faltiple","publisher":{"@id":"https:\/\/192.168.1.117:8086\/#organization"},"potentialAction":[{"@type":"SearchAction","target":{"@type":"EntryPoint","urlTemplate":"https:\/\/192.168.1.117:8086\/?s={search_term_string}"},"query-input":"required name=search_term_string"}],"inLanguage":"es"},{"@type":"WebPage","@id":"https:\/\/acemesclerosis.org\/?page_id=1063&lang=gl#webpage","url":"https:\/\/acemesclerosis.org\/?page_id=1063&lang=gl","name":"Fisioterapia - ACEM Esclerosis","isPartOf":{"@id":"https:\/\/192.168.1.117:8086\/#website"},"datePublished":"2021-10-04T15:14:31+00:00","dateModified":"2026-03-05T10:23:32+00:00","breadcrumb":{"@id":"https:\/\/acemesclerosis.org\/?page_id=1063&lang=gl#breadcrumb"},"inLanguage":"es","potentialAction":[{"@type":"ReadAction","target":["https:\/\/acemesclerosis.org\/?page_id=1063&lang=gl"]}]},{"@type":"BreadcrumbList","@id":"https:\/\/acemesclerosis.org\/?page_id=1063&lang=gl#breadcrumb","itemListElement":[{"@type":"ListItem","position":1,"name":"Portada","item":"https:\/\/192.168.1.117:8086\/"},{"@type":"ListItem","position":2,"name":"Fisioterapia"}]}]}},"_links":{"self":[{"href":"https:\/\/acemesclerosis.org\/index.php?rest_route=\/wp\/v2\/pages\/1063","targetHints":{"allow":["GET"]}}],"collection":[{"href":"https:\/\/acemesclerosis.org\/index.php?rest_route=\/wp\/v2\/pages"}],"about":[{"href":"https:\/\/acemesclerosis.org\/index.php?rest_route=\/wp\/v2\/types\/page"}],"author":[{"embeddable":true,"href":"https:\/\/acemesclerosis.org\/index.php?rest_route=\/wp\/v2\/users\/1"}],"replies":[{"embeddable":true,"href":"https:\/\/acemesclerosis.org\/index.php?rest_route=%2Fwp%2Fv2%2Fcomments&post=1063"}],"version-history":[{"count":14,"href":"https:\/\/acemesclerosis.org\/index.php?rest_route=\/wp\/v2\/pages\/1063\/revisions"}],"predecessor-version":[{"id":6572,"href":"https:\/\/acemesclerosis.org\/index.php?rest_route=\/wp\/v2\/pages\/1063\/revisions\/6572"}],"wp:attachment":[{"href":"https:\/\/acemesclerosis.org\/index.php?rest_route=%2Fwp%2Fv2%2Fmedia&parent=1063"}],"curies":[{"name":"wp","href":"https:\/\/api.w.org\/{rel}","templated":true}]}}