{"id":22,"date":"2021-08-12T09:15:31","date_gmt":"2021-08-12T09:15:31","guid":{"rendered":"https:\/\/acemesclerosis.org\/?page_id=22"},"modified":"2025-04-15T07:45:43","modified_gmt":"2025-04-15T07:45:43","slug":"quienes-somos","status":"publish","type":"page","link":"https:\/\/acemesclerosis.org\/?page_id=22","title":{"rendered":"Quienes Somos"},"content":{"rendered":"\t\t<div data-elementor-type=\"wp-page\" data-elementor-id=\"22\" class=\"elementor elementor-22\" data-elementor-settings=\"[]\">\n\t\t\t\t\t\t\t<div class=\"elementor-section-wrap\">\n\t\t\t\t\t\t\t<section class=\"elementor-section elementor-top-section elementor-element elementor-element-922ad3a elementor-section-full_width elementor-section-height-min-height elementor-section-height-default elementor-section-items-middle\" data-id=\"922ad3a\" data-element_type=\"section\" data-settings=\"{&quot;background_background&quot;:&quot;classic&quot;,&quot;background_motion_fx_motion_fx_scrolling&quot;:&quot;yes&quot;,&quot;background_motion_fx_devices&quot;:[&quot;desktop&quot;,&quot;tablet&quot;,&quot;mobile&quot;]}\">\n\t\t\t\t\t\t<div class=\"elementor-container elementor-column-gap-no\">\n\t\t\t\t\t<div class=\"elementor-column elementor-col-100 elementor-top-column elementor-element elementor-element-862a94d\" data-id=\"862a94d\" data-element_type=\"column\">\n\t\t\t<div class=\"elementor-widget-wrap elementor-element-populated\">\n\t\t\t\t\t\t\t\t<div class=\"elementor-element elementor-element-25ec00a elementor-hidden-tablet elementor-hidden-phone elementor--h-position-center elementor--v-position-middle elementor-arrows-position-inside elementor-pagination-position-inside elementor-widget elementor-widget-slides\" data-id=\"25ec00a\" data-element_type=\"widget\" data-settings=\"{&quot;navigation&quot;:&quot;both&quot;,&quot;autoplay&quot;:&quot;yes&quot;,&quot;pause_on_hover&quot;:&quot;yes&quot;,&quot;pause_on_interaction&quot;:&quot;yes&quot;,&quot;autoplay_speed&quot;:5000,&quot;infinite&quot;:&quot;yes&quot;,&quot;transition&quot;:&quot;slide&quot;,&quot;transition_speed&quot;:500}\" data-widget_type=\"slides.default\">\n\t\t\t\t<div class=\"elementor-widget-container\">\n\t\t\t\t\t<div class=\"elementor-swiper\">\n\t\t\t<div class=\"elementor-slides-wrapper elementor-main-swiper swiper-container\" dir=\"ltr\" data-animation=\"fadeInUp\">\n\t\t\t\t<div class=\"swiper-wrapper elementor-slides\">\n\t\t\t\t\t<div class=\"elementor-repeater-item-65333cc swiper-slide\"><div class=\"swiper-slide-bg\"><\/div><div class=\"swiper-slide-inner\" ><div class=\"swiper-slide-contents\"><\/div><\/div><\/div>\t\t\t\t<\/div>\n\t\t\t\t\t\t\t<\/div>\n\t\t<\/div>\n\t\t\t\t<\/div>\n\t\t\t\t<\/div>\n\t\t\t\t<div class=\"elementor-element elementor-element-324e065 elementor-hidden-desktop elementor--h-position-center elementor--v-position-middle elementor-arrows-position-inside elementor-pagination-position-inside elementor-widget elementor-widget-slides\" data-id=\"324e065\" data-element_type=\"widget\" data-settings=\"{&quot;navigation&quot;:&quot;both&quot;,&quot;autoplay&quot;:&quot;yes&quot;,&quot;pause_on_hover&quot;:&quot;yes&quot;,&quot;pause_on_interaction&quot;:&quot;yes&quot;,&quot;autoplay_speed&quot;:5000,&quot;infinite&quot;:&quot;yes&quot;,&quot;transition&quot;:&quot;slide&quot;,&quot;transition_speed&quot;:500}\" data-widget_type=\"slides.default\">\n\t\t\t\t<div class=\"elementor-widget-container\">\n\t\t\t\t\t<div class=\"elementor-swiper\">\n\t\t\t<div class=\"elementor-slides-wrapper elementor-main-swiper swiper-container\" dir=\"ltr\" data-animation=\"fadeInUp\">\n\t\t\t\t<div class=\"swiper-wrapper elementor-slides\">\n\t\t\t\t\t<div class=\"elementor-repeater-item-ebf784f swiper-slide\"><div class=\"swiper-slide-bg\"><\/div><div class=\"swiper-slide-inner\" ><div class=\"swiper-slide-contents\"><\/div><\/div><\/div>\t\t\t\t<\/div>\n\t\t\t\t\t\t\t<\/div>\n\t\t<\/div>\n\t\t\t\t<\/div>\n\t\t\t\t<\/div>\n\t\t\t\t<div class=\"elementor-element elementor-element-76e710b e-grid-align-left elementor-shape-rounded elementor-grid-0 elementor-widget elementor-widget-social-icons\" data-id=\"76e710b\" data-element_type=\"widget\" data-widget_type=\"social-icons.default\">\n\t\t\t\t<div class=\"elementor-widget-container\">\n\t\t\t\t\t<div class=\"elementor-social-icons-wrapper elementor-grid\">\n\t\t\t\t\t\t\t<span class=\"elementor-grid-item\">\n\t\t\t\t\t<a class=\"elementor-icon elementor-social-icon elementor-social-icon-facebook elementor-repeater-item-52d14b0\" target=\"_blank\">\n\t\t\t\t\t\t<span class=\"elementor-screen-only\">Facebook<\/span>\n\t\t\t\t\t\t<i class=\"fab fa-facebook\"><\/i>\t\t\t\t\t<\/a>\n\t\t\t\t<\/span>\n\t\t\t\t\t\t\t<span class=\"elementor-grid-item\">\n\t\t\t\t\t<a class=\"elementor-icon elementor-social-icon elementor-social-icon-twitter elementor-repeater-item-f47b618\" target=\"_blank\">\n\t\t\t\t\t\t<span class=\"elementor-screen-only\">Twitter<\/span>\n\t\t\t\t\t\t<i class=\"fab fa-twitter\"><\/i>\t\t\t\t\t<\/a>\n\t\t\t\t<\/span>\n\t\t\t\t\t\t\t<span class=\"elementor-grid-item\">\n\t\t\t\t\t<a class=\"elementor-icon elementor-social-icon elementor-social-icon-instagram elementor-repeater-item-d1c53d6\" target=\"_blank\">\n\t\t\t\t\t\t<span class=\"elementor-screen-only\">Instagram<\/span>\n\t\t\t\t\t\t<i class=\"fab fa-instagram\"><\/i>\t\t\t\t\t<\/a>\n\t\t\t\t<\/span>\n\t\t\t\t\t<\/div>\n\t\t\t\t<\/div>\n\t\t\t\t<\/div>\n\t\t\t\t\t<\/div>\n\t\t<\/div>\n\t\t\t\t\t\t\t<\/div>\n\t\t<\/section>\n\t\t\t\t<section class=\"elementor-section elementor-top-section elementor-element elementor-element-48d0ab8 elementor-section-content-middle elementor-section-boxed elementor-section-height-default elementor-section-height-default\" data-id=\"48d0ab8\" data-element_type=\"section\" data-settings=\"{&quot;background_background&quot;:&quot;classic&quot;}\">\n\t\t\t\t\t\t<div class=\"elementor-container elementor-column-gap-default\">\n\t\t\t\t\t<div class=\"elementor-column elementor-col-50 elementor-top-column elementor-element elementor-element-cc44f1a\" data-id=\"cc44f1a\" data-element_type=\"column\">\n\t\t\t<div class=\"elementor-widget-wrap elementor-element-populated\">\n\t\t\t\t\t\t\t\t<div class=\"elementor-element elementor-element-475c36d elementor-hidden-tablet elementor-hidden-phone elementor-widget elementor-widget-heading\" data-id=\"475c36d\" data-element_type=\"widget\" data-widget_type=\"heading.default\">\n\t\t\t\t<div class=\"elementor-widget-container\">\n\t\t\t<h2 class=\"elementor-heading-title elementor-size-default\">origen<\/h2>\t\t<\/div>\n\t\t\t\t<\/div>\n\t\t\t\t\t<\/div>\n\t\t<\/div>\n\t\t\t\t<div class=\"elementor-column elementor-col-50 elementor-top-column elementor-element elementor-element-b0b2d12\" data-id=\"b0b2d12\" data-element_type=\"column\">\n\t\t\t<div class=\"elementor-widget-wrap elementor-element-populated\">\n\t\t\t\t\t\t\t\t<div class=\"elementor-element elementor-element-127b634 elementor-hidden-desktop elementor-widget elementor-widget-heading\" data-id=\"127b634\" data-element_type=\"widget\" data-widget_type=\"heading.default\">\n\t\t\t\t<div class=\"elementor-widget-container\">\n\t\t\t<h2 class=\"elementor-heading-title elementor-size-default\">origen<\/h2>\t\t<\/div>\n\t\t\t\t<\/div>\n\t\t\t\t<div class=\"elementor-element elementor-element-b217d20 elementor-widget elementor-widget-text-editor\" data-id=\"b217d20\" data-element_type=\"widget\" data-widget_type=\"text-editor.default\">\n\t\t\t\t<div class=\"elementor-widget-container\">\n\t\t\t\t\t\t\t\t<div class=\"elementor-element elementor-element-77e7edc elementor-widget elementor-widget-text-editor\" data-id=\"77e7edc\" data-element_type=\"widget\" data-widget_type=\"text-editor.default\"><div class=\"elementor-widget-container\">Por iniciativa de varios afectados coru\u00f1eses de Esclerosis M\u00faltiple ( EM), se crea en\u00a01995 en A Coru\u00f1a\u00a0la Asociaci\u00f3n denominada \u00abAsociaci\u00f3n Coru\u00f1esa de Esclerosis M\u00faltiple\u00bb\u00a0como entidad jur\u00eddicamente independiente, habiendo siendo hasta entonces, desde el a\u00f1o 1984, una delegaci\u00f3n de la Asociaci\u00f3n Espa\u00f1ola de Esclerosis M\u00faltiple y siendo actualmente miembro activo de la misma.<\/div><\/div>\t\t\t\t\t\t<\/div>\n\t\t\t\t<\/div>\n\t\t\t\t\t<\/div>\n\t\t<\/div>\n\t\t\t\t\t\t\t<\/div>\n\t\t<\/section>\n\t\t\t\t<section class=\"elementor-section elementor-top-section elementor-element elementor-element-82baae1 elementor-section-content-middle elementor-section-boxed elementor-section-height-default elementor-section-height-default\" data-id=\"82baae1\" data-element_type=\"section\" data-settings=\"{&quot;background_background&quot;:&quot;classic&quot;}\">\n\t\t\t\t\t\t<div class=\"elementor-container elementor-column-gap-default\">\n\t\t\t\t\t<div class=\"elementor-column elementor-col-50 elementor-top-column elementor-element elementor-element-31ec984\" data-id=\"31ec984\" data-element_type=\"column\">\n\t\t\t<div class=\"elementor-widget-wrap elementor-element-populated\">\n\t\t\t\t\t\t\t\t<div class=\"elementor-element elementor-element-dd4d23c elementor-hidden-desktop elementor-widget elementor-widget-heading\" data-id=\"dd4d23c\" data-element_type=\"widget\" data-widget_type=\"heading.default\">\n\t\t\t\t<div class=\"elementor-widget-container\">\n\t\t\t<h2 class=\"elementor-heading-title elementor-size-default\">misi\u00f3n<\/h2>\t\t<\/div>\n\t\t\t\t<\/div>\n\t\t\t\t<div class=\"elementor-element elementor-element-e7bea77 elementor-widget elementor-widget-text-editor\" data-id=\"e7bea77\" data-element_type=\"widget\" data-widget_type=\"text-editor.default\">\n\t\t\t\t<div class=\"elementor-widget-container\">\n\t\t\t\t\t\t\t\t<div data-id=\"77e7edc\" data-element_type=\"widget\" data-widget_type=\"text-editor.default\"><div>Es misi\u00f3n de ACEM promover y coordinar la defensa de los derechos de las personas con EM y otras personas con discapacidad para conseguir su plena integraci\u00f3n.<\/div><\/div>\t\t\t\t\t\t<\/div>\n\t\t\t\t<\/div>\n\t\t\t\t\t<\/div>\n\t\t<\/div>\n\t\t\t\t<div class=\"elementor-column elementor-col-50 elementor-top-column elementor-element elementor-element-53b68ab\" data-id=\"53b68ab\" data-element_type=\"column\">\n\t\t\t<div class=\"elementor-widget-wrap elementor-element-populated\">\n\t\t\t\t\t\t\t\t<div class=\"elementor-element elementor-element-eb262fe elementor-hidden-tablet elementor-hidden-phone elementor-widget elementor-widget-heading\" data-id=\"eb262fe\" data-element_type=\"widget\" data-widget_type=\"heading.default\">\n\t\t\t\t<div class=\"elementor-widget-container\">\n\t\t\t<h2 class=\"elementor-heading-title elementor-size-default\">misi\u00f3n<\/h2>\t\t<\/div>\n\t\t\t\t<\/div>\n\t\t\t\t\t<\/div>\n\t\t<\/div>\n\t\t\t\t\t\t\t<\/div>\n\t\t<\/section>\n\t\t\t\t<section class=\"elementor-section elementor-top-section elementor-element elementor-element-aa1e33a elementor-section-content-middle elementor-section-boxed elementor-section-height-default elementor-section-height-default\" data-id=\"aa1e33a\" data-element_type=\"section\" data-settings=\"{&quot;background_background&quot;:&quot;classic&quot;}\">\n\t\t\t\t\t\t<div class=\"elementor-container elementor-column-gap-default\">\n\t\t\t\t\t<div class=\"elementor-column elementor-col-50 elementor-top-column elementor-element elementor-element-1463dbe\" data-id=\"1463dbe\" data-element_type=\"column\">\n\t\t\t<div class=\"elementor-widget-wrap elementor-element-populated\">\n\t\t\t\t\t\t\t\t<div class=\"elementor-element elementor-element-aec59c5 elementor-hidden-tablet elementor-hidden-phone elementor-widget elementor-widget-heading\" data-id=\"aec59c5\" data-element_type=\"widget\" data-widget_type=\"heading.default\">\n\t\t\t\t<div class=\"elementor-widget-container\">\n\t\t\t<h2 class=\"elementor-heading-title elementor-size-default\">visi\u00f3n<\/h2>\t\t<\/div>\n\t\t\t\t<\/div>\n\t\t\t\t\t<\/div>\n\t\t<\/div>\n\t\t\t\t<div class=\"elementor-column elementor-col-50 elementor-top-column elementor-element elementor-element-81cab65\" data-id=\"81cab65\" data-element_type=\"column\">\n\t\t\t<div class=\"elementor-widget-wrap elementor-element-populated\">\n\t\t\t\t\t\t\t\t<div class=\"elementor-element elementor-element-b2843e8 elementor-hidden-desktop elementor-widget elementor-widget-heading\" data-id=\"b2843e8\" data-element_type=\"widget\" data-widget_type=\"heading.default\">\n\t\t\t\t<div class=\"elementor-widget-container\">\n\t\t\t<h2 class=\"elementor-heading-title elementor-size-default\">visi\u00f3n<\/h2>\t\t<\/div>\n\t\t\t\t<\/div>\n\t\t\t\t<div class=\"elementor-element elementor-element-ba047ce elementor-widget elementor-widget-text-editor\" data-id=\"ba047ce\" data-element_type=\"widget\" data-widget_type=\"text-editor.default\">\n\t\t\t\t<div class=\"elementor-widget-container\">\n\t\t\t\t\t\t\t\t<div class=\"elementor-element elementor-element-77e7edc elementor-widget elementor-widget-text-editor\" data-id=\"77e7edc\" data-element_type=\"widget\" data-widget_type=\"text-editor.default\">\n<div class=\"elementor-widget-container\">Ser una entidad de referencia para las personas afectadas por la esclerosis m\u00faltiple&nbsp;as\u00ed como la de sus familias en las que se promueva toda clase de actividades e informaci\u00f3n destinadas a mejorar su&nbsp;situaci\u00f3n y su&nbsp;calidad de vida,&nbsp;con el objetivo de favorecer la integraci\u00f3n y&nbsp;normalizaci\u00f3n personal, familiar y social de aquellas personas que padecen esta enfermedad.<\/div>\n<\/div>\t\t\t\t\t\t<\/div>\n\t\t\t\t<\/div>\n\t\t\t\t\t<\/div>\n\t\t<\/div>\n\t\t\t\t\t\t\t<\/div>\n\t\t<\/section>\n\t\t\t\t<section class=\"elementor-section elementor-top-section elementor-element elementor-element-b511fa5 elementor-section-content-middle elementor-section-boxed elementor-section-height-default elementor-section-height-default\" data-id=\"b511fa5\" data-element_type=\"section\" data-settings=\"{&quot;background_background&quot;:&quot;classic&quot;}\">\n\t\t\t\t\t\t<div class=\"elementor-container elementor-column-gap-default\">\n\t\t\t\t\t<div class=\"elementor-column elementor-col-50 elementor-top-column elementor-element elementor-element-5894a0f\" data-id=\"5894a0f\" data-element_type=\"column\">\n\t\t\t<div class=\"elementor-widget-wrap elementor-element-populated\">\n\t\t\t\t\t\t\t\t<div class=\"elementor-element elementor-element-f17e9b5 elementor-hidden-desktop elementor-widget elementor-widget-heading\" data-id=\"f17e9b5\" data-element_type=\"widget\" data-widget_type=\"heading.default\">\n\t\t\t\t<div class=\"elementor-widget-container\">\n\t\t\t<h2 class=\"elementor-heading-title elementor-size-default\">valores<\/h2>\t\t<\/div>\n\t\t\t\t<\/div>\n\t\t\t\t<div class=\"elementor-element elementor-element-ccf8321 elementor-widget elementor-widget-text-editor\" data-id=\"ccf8321\" data-element_type=\"widget\" data-widget_type=\"text-editor.default\">\n\t\t\t\t<div class=\"elementor-widget-container\">\n\t\t\t\t\t\t\t\t<div data-id=\"77e7edc\" data-element_type=\"widget\" data-widget_type=\"text-editor.default\"><div><p>ACEM se define como una entidad que carece expresamente de \u00e1nimo de lucro, independiente y libre, aconfesional, apartidista, no gubernamental y de car\u00e1cter voluntario. Basa su actuaci\u00f3n en los siguientes valores:<\/p><ul><li>Democracia interna.<\/li><li>Solidaridad entre sus miembros.<\/li><li>Transparencia en la gesti\u00f3n y en la actuaci\u00f3n de la entidad y sus socios.<\/li><li>Evitar protagonismos y actitud competitivas.<\/li><li>La defensa de los afectados de EM en particular con el colectivo de discapacitados en general como titulares de derechos, evitando los mensajes sentimentalistas y asistenciales.<\/li><\/ul><\/div><\/div>\t\t\t\t\t\t<\/div>\n\t\t\t\t<\/div>\n\t\t\t\t\t<\/div>\n\t\t<\/div>\n\t\t\t\t<div class=\"elementor-column elementor-col-50 elementor-top-column elementor-element elementor-element-dd956bc\" data-id=\"dd956bc\" data-element_type=\"column\">\n\t\t\t<div class=\"elementor-widget-wrap elementor-element-populated\">\n\t\t\t\t\t\t\t\t<div class=\"elementor-element elementor-element-07e1835 elementor-hidden-tablet elementor-hidden-phone elementor-widget elementor-widget-heading\" data-id=\"07e1835\" data-element_type=\"widget\" data-widget_type=\"heading.default\">\n\t\t\t\t<div class=\"elementor-widget-container\">\n\t\t\t<h2 class=\"elementor-heading-title elementor-size-default\">valores<\/h2>\t\t<\/div>\n\t\t\t\t<\/div>\n\t\t\t\t\t<\/div>\n\t\t<\/div>\n\t\t\t\t\t\t\t<\/div>\n\t\t<\/section>\n\t\t\t\t<section class=\"elementor-section elementor-top-section elementor-element elementor-element-5dafd75 elementor-section-content-middle elementor-section-boxed elementor-section-height-default elementor-section-height-default\" data-id=\"5dafd75\" data-element_type=\"section\" data-settings=\"{&quot;background_background&quot;:&quot;classic&quot;}\">\n\t\t\t\t\t\t<div class=\"elementor-container elementor-column-gap-default\">\n\t\t\t\t\t<div class=\"elementor-column elementor-col-50 elementor-top-column elementor-element elementor-element-89f38d3\" data-id=\"89f38d3\" data-element_type=\"column\">\n\t\t\t<div class=\"elementor-widget-wrap elementor-element-populated\">\n\t\t\t\t\t\t\t\t<div class=\"elementor-element elementor-element-d630341 elementor-hidden-tablet elementor-hidden-phone elementor-widget elementor-widget-heading\" data-id=\"d630341\" data-element_type=\"widget\" data-widget_type=\"heading.default\">\n\t\t\t\t<div class=\"elementor-widget-container\">\n\t\t\t<h2 class=\"elementor-heading-title elementor-size-default\">objetivos<\/h2>\t\t<\/div>\n\t\t\t\t<\/div>\n\t\t\t\t\t<\/div>\n\t\t<\/div>\n\t\t\t\t<div class=\"elementor-column elementor-col-50 elementor-top-column elementor-element elementor-element-d2dade2\" data-id=\"d2dade2\" data-element_type=\"column\">\n\t\t\t<div class=\"elementor-widget-wrap elementor-element-populated\">\n\t\t\t\t\t\t\t\t<div class=\"elementor-element elementor-element-aebd171 elementor-hidden-desktop elementor-widget elementor-widget-heading\" data-id=\"aebd171\" data-element_type=\"widget\" data-widget_type=\"heading.default\">\n\t\t\t\t<div class=\"elementor-widget-container\">\n\t\t\t<h2 class=\"elementor-heading-title elementor-size-default\">objetivos<\/h2>\t\t<\/div>\n\t\t\t\t<\/div>\n\t\t\t\t<div class=\"elementor-element elementor-element-f855e22 elementor-widget elementor-widget-text-editor\" data-id=\"f855e22\" data-element_type=\"widget\" data-widget_type=\"text-editor.default\">\n\t\t\t\t<div class=\"elementor-widget-container\">\n\t\t\t\t\t\t\t\t<div data-id=\"77e7edc\" data-element_type=\"widget\" data-widget_type=\"text-editor.default\"><div><ul><li>Promover la agrupaci\u00f3n de todos los enfermos de EM y sus familiares.<\/li><li>Defender la dignidad y los derechos de las personas con EM y con discapacidad.<\/li><li>Promover la plena integraci\u00f3n escolar, laboral y social de las personas que padecen EM o alguna discapacidad.<\/li><li>Crear las condiciones para que las personas asociadas puedan cumplir adecuadamente la misi\u00f3n.<\/li><li>Promover actitudes sociales positivas ante las personas con EM o discapacidad.<\/li><li>Promover la legislaci\u00f3n adecuada que mejore la situaci\u00f3n de los afectados por EM o del colectivo de los discapacitados.<\/li><\/ul><\/div><\/div>\t\t\t\t\t\t<\/div>\n\t\t\t\t<\/div>\n\t\t\t\t\t<\/div>\n\t\t<\/div>\n\t\t\t\t\t\t\t<\/div>\n\t\t<\/section>\n\t\t\t\t<section class=\"elementor-section elementor-top-section elementor-element elementor-element-c5e4a99 elementor-section-content-middle elementor-section-boxed elementor-section-height-default elementor-section-height-default\" data-id=\"c5e4a99\" data-element_type=\"section\" data-settings=\"{&quot;background_background&quot;:&quot;classic&quot;}\">\n\t\t\t\t\t\t<div class=\"elementor-container elementor-column-gap-default\">\n\t\t\t\t\t<div class=\"elementor-column elementor-col-50 elementor-top-column elementor-element elementor-element-f9163cc\" data-id=\"f9163cc\" data-element_type=\"column\">\n\t\t\t<div class=\"elementor-widget-wrap elementor-element-populated\">\n\t\t\t\t\t\t\t\t<div class=\"elementor-element elementor-element-eb01aa1 elementor-hidden-desktop elementor-widget elementor-widget-heading\" data-id=\"eb01aa1\" data-element_type=\"widget\" data-widget_type=\"heading.default\">\n\t\t\t\t<div class=\"elementor-widget-container\">\n\t\t\t<h2 class=\"elementor-heading-title elementor-size-default\">\u00e1mbito de actuaci\u00f3n<\/h2>\t\t<\/div>\n\t\t\t\t<\/div>\n\t\t\t\t<div class=\"elementor-element elementor-element-7c7ad2c elementor-widget elementor-widget-text-editor\" data-id=\"7c7ad2c\" data-element_type=\"widget\" data-widget_type=\"text-editor.default\">\n\t\t\t\t<div class=\"elementor-widget-container\">\n\t\t\t\t\t\t\t\t<div data-id=\"77e7edc\" data-element_type=\"widget\" data-widget_type=\"text-editor.default\"><div>El \u00e1mbito de actuaci\u00f3n de ACEM abarca todo el territorio de la\u00a0provincia\u00a0de A Coru\u00f1a\u00a0<\/div><\/div>\t\t\t\t\t\t<\/div>\n\t\t\t\t<\/div>\n\t\t\t\t\t<\/div>\n\t\t<\/div>\n\t\t\t\t<div class=\"elementor-column elementor-col-50 elementor-top-column elementor-element elementor-element-2e0cf2e\" data-id=\"2e0cf2e\" data-element_type=\"column\">\n\t\t\t<div class=\"elementor-widget-wrap elementor-element-populated\">\n\t\t\t\t\t\t\t\t<div class=\"elementor-element elementor-element-1462bde elementor-hidden-tablet elementor-hidden-phone elementor-widget elementor-widget-heading\" data-id=\"1462bde\" data-element_type=\"widget\" data-widget_type=\"heading.default\">\n\t\t\t\t<div class=\"elementor-widget-container\">\n\t\t\t<h2 class=\"elementor-heading-title elementor-size-default\">\u00e1mbito de actuaci\u00f3n<\/h2>\t\t<\/div>\n\t\t\t\t<\/div>\n\t\t\t\t\t<\/div>\n\t\t<\/div>\n\t\t\t\t\t\t\t<\/div>\n\t\t<\/section>\n\t\t\t\t<section class=\"elementor-section elementor-top-section elementor-element elementor-element-2862d53 elementor-section-boxed elementor-section-height-default elementor-section-height-default\" data-id=\"2862d53\" data-element_type=\"section\" data-settings=\"{&quot;background_background&quot;:&quot;classic&quot;}\">\n\t\t\t\t\t\t<div class=\"elementor-container elementor-column-gap-default\">\n\t\t\t\t\t<div class=\"elementor-column elementor-col-50 elementor-top-column elementor-element elementor-element-6d3dc7c\" data-id=\"6d3dc7c\" data-element_type=\"column\">\n\t\t\t<div class=\"elementor-widget-wrap elementor-element-populated\">\n\t\t\t\t\t\t\t\t<div class=\"elementor-element elementor-element-ab0430d elementor-hidden-tablet elementor-hidden-phone elementor-widget elementor-widget-heading\" data-id=\"ab0430d\" data-element_type=\"widget\" data-widget_type=\"heading.default\">\n\t\t\t\t<div class=\"elementor-widget-container\">\n\t\t\t<h2 class=\"elementor-heading-title elementor-size-default\">n\u00famero de socios<\/h2>\t\t<\/div>\n\t\t\t\t<\/div>\n\t\t\t\t\t<\/div>\n\t\t<\/div>\n\t\t\t\t<div class=\"elementor-column elementor-col-50 elementor-top-column elementor-element elementor-element-ddb74cf\" data-id=\"ddb74cf\" data-element_type=\"column\">\n\t\t\t<div class=\"elementor-widget-wrap elementor-element-populated\">\n\t\t\t\t\t\t\t\t<div class=\"elementor-element elementor-element-3fbda68 elementor-hidden-desktop elementor-widget elementor-widget-heading\" data-id=\"3fbda68\" data-element_type=\"widget\" data-widget_type=\"heading.default\">\n\t\t\t\t<div class=\"elementor-widget-container\">\n\t\t\t<h2 class=\"elementor-heading-title elementor-size-default\">n\u00famero de socios<\/h2>\t\t<\/div>\n\t\t\t\t<\/div>\n\t\t\t\t<div class=\"elementor-element elementor-element-06e3916 elementor-widget elementor-widget-text-editor\" data-id=\"06e3916\" data-element_type=\"widget\" data-widget_type=\"text-editor.default\">\n\t\t\t\t<div class=\"elementor-widget-container\">\n\t\t\t\t\t\t\t\t<p>Cuenta con un total de 305 socios, de los cuales 210 son afectados y 95 colaboradores.<\/p>\t\t\t\t\t\t<\/div>\n\t\t\t\t<\/div>\n\t\t\t\t\t<\/div>\n\t\t<\/div>\n\t\t\t\t\t\t\t<\/div>\n\t\t<\/section>\n\t\t\t\t\t\t<\/div>\n\t\t\t\t\t<\/div>\n\t\t","protected":false},"excerpt":{"rendered":"<p>Facebook Twitter Instagram origen origen Por iniciativa de varios afectados coru\u00f1eses de Esclerosis M\u00faltiple ( EM), se crea en\u00a01995 en A Coru\u00f1a\u00a0la Asociaci\u00f3n denominada \u00abAsociaci\u00f3n Coru\u00f1esa de Esclerosis M\u00faltiple\u00bb\u00a0como entidad jur\u00eddicamente independiente, habiendo siendo hasta entonces, desde el a\u00f1o 1984, una delegaci\u00f3n de la Asociaci\u00f3n Espa\u00f1ola de Esclerosis M\u00faltiple y siendo actualmente miembro activo de [&hellip;]<\/p>\n","protected":false},"author":1,"featured_media":0,"parent":0,"menu_order":0,"comment_status":"closed","ping_status":"closed","template":"elementor_header_footer","meta":{"footnotes":""},"class_list":["post-22","page","type-page","status-publish","hentry"],"yoast_head":"<!-- This site is optimized with the Yoast SEO plugin v17.9 - https:\/\/yoast.com\/wordpress\/plugins\/seo\/ -->\n<title>Quienes Somos - ACEM Esclerosis<\/title>\n<meta name=\"robots\" content=\"index, follow, max-snippet:-1, max-image-preview:large, max-video-preview:-1\" \/>\n<link rel=\"canonical\" href=\"https:\/\/acemesclerosis.org\/?page_id=22\" \/>\n<meta property=\"og:locale\" content=\"es_ES\" \/>\n<meta property=\"og:type\" content=\"article\" \/>\n<meta property=\"og:title\" content=\"Quienes Somos - ACEM Esclerosis\" \/>\n<meta property=\"og:description\" content=\"Facebook Twitter Instagram origen origen Por iniciativa de varios afectados coru\u00f1eses de Esclerosis M\u00faltiple ( EM), se crea en\u00a01995 en A Coru\u00f1a\u00a0la Asociaci\u00f3n denominada \u00abAsociaci\u00f3n Coru\u00f1esa de Esclerosis M\u00faltiple\u00bb\u00a0como entidad jur\u00eddicamente independiente, habiendo siendo hasta entonces, desde el a\u00f1o 1984, una delegaci\u00f3n de la Asociaci\u00f3n Espa\u00f1ola de Esclerosis M\u00faltiple y siendo actualmente miembro activo de [&hellip;]\" \/>\n<meta property=\"og:url\" content=\"https:\/\/acemesclerosis.org\/?page_id=22\" \/>\n<meta property=\"og:site_name\" content=\"ACEM Esclerosis\" \/>\n<meta property=\"article:modified_time\" content=\"2025-04-15T07:45:43+00:00\" \/>\n<meta name=\"twitter:card\" content=\"summary_large_image\" \/>\n<meta name=\"twitter:label1\" content=\"Tiempo de lectura\" \/>\n\t<meta name=\"twitter:data1\" content=\"2 minutos\" \/>\n<script type=\"application\/ld+json\" class=\"yoast-schema-graph\">{\"@context\":\"https:\/\/schema.org\",\"@graph\":[{\"@type\":\"Organization\",\"@id\":\"https:\/\/192.168.1.117:8086\/#organization\",\"name\":\"Acem Esclerosis\",\"url\":\"https:\/\/192.168.1.117:8086\/\",\"sameAs\":[],\"logo\":{\"@type\":\"ImageObject\",\"@id\":\"https:\/\/192.168.1.117:8086\/#logo\",\"inLanguage\":\"es\",\"url\":\"https:\/\/acemesclerosis.org\/wp-content\/uploads\/2021\/09\/WhatsApp-Image-2021-09-27-at-14.06.43.jpeg\",\"contentUrl\":\"https:\/\/acemesclerosis.org\/wp-content\/uploads\/2021\/09\/WhatsApp-Image-2021-09-27-at-14.06.43.jpeg\",\"width\":1600,\"height\":592,\"caption\":\"Acem Esclerosis\"},\"image\":{\"@id\":\"https:\/\/192.168.1.117:8086\/#logo\"}},{\"@type\":\"WebSite\",\"@id\":\"https:\/\/192.168.1.117:8086\/#website\",\"url\":\"https:\/\/192.168.1.117:8086\/\",\"name\":\"ACEM Esclerosis\",\"description\":\"Asociaci\\u00f3n Coru\\u00f1esa de Esclerosis M\\u00faltiple\",\"publisher\":{\"@id\":\"https:\/\/192.168.1.117:8086\/#organization\"},\"potentialAction\":[{\"@type\":\"SearchAction\",\"target\":{\"@type\":\"EntryPoint\",\"urlTemplate\":\"https:\/\/192.168.1.117:8086\/?s={search_term_string}\"},\"query-input\":\"required name=search_term_string\"}],\"inLanguage\":\"es\"},{\"@type\":\"WebPage\",\"@id\":\"https:\/\/acemesclerosis.org\/?page_id=22#webpage\",\"url\":\"https:\/\/acemesclerosis.org\/?page_id=22\",\"name\":\"Quienes Somos - ACEM Esclerosis\",\"isPartOf\":{\"@id\":\"https:\/\/192.168.1.117:8086\/#website\"},\"datePublished\":\"2021-08-12T09:15:31+00:00\",\"dateModified\":\"2025-04-15T07:45:43+00:00\",\"breadcrumb\":{\"@id\":\"https:\/\/acemesclerosis.org\/?page_id=22#breadcrumb\"},\"inLanguage\":\"es\",\"potentialAction\":[{\"@type\":\"ReadAction\",\"target\":[\"https:\/\/acemesclerosis.org\/?page_id=22\"]}]},{\"@type\":\"BreadcrumbList\",\"@id\":\"https:\/\/acemesclerosis.org\/?page_id=22#breadcrumb\",\"itemListElement\":[{\"@type\":\"ListItem\",\"position\":1,\"name\":\"Portada\",\"item\":\"https:\/\/192.168.1.117:8086\/\"},{\"@type\":\"ListItem\",\"position\":2,\"name\":\"Quienes Somos\"}]}]}<\/script>\n<!-- \/ Yoast SEO plugin. -->","yoast_head_json":{"title":"Quienes Somos - ACEM Esclerosis","robots":{"index":"index","follow":"follow","max-snippet":"max-snippet:-1","max-image-preview":"max-image-preview:large","max-video-preview":"max-video-preview:-1"},"canonical":"https:\/\/acemesclerosis.org\/?page_id=22","og_locale":"es_ES","og_type":"article","og_title":"Quienes Somos - ACEM Esclerosis","og_description":"Facebook Twitter Instagram origen origen Por iniciativa de varios afectados coru\u00f1eses de Esclerosis M\u00faltiple ( EM), se crea en\u00a01995 en A Coru\u00f1a\u00a0la Asociaci\u00f3n denominada \u00abAsociaci\u00f3n Coru\u00f1esa de Esclerosis M\u00faltiple\u00bb\u00a0como entidad jur\u00eddicamente independiente, habiendo siendo hasta entonces, desde el a\u00f1o 1984, una delegaci\u00f3n de la Asociaci\u00f3n Espa\u00f1ola de Esclerosis M\u00faltiple y siendo actualmente miembro activo de [&hellip;]","og_url":"https:\/\/acemesclerosis.org\/?page_id=22","og_site_name":"ACEM Esclerosis","article_modified_time":"2025-04-15T07:45:43+00:00","twitter_card":"summary_large_image","twitter_misc":{"Tiempo de lectura":"2 minutos"},"schema":{"@context":"https:\/\/schema.org","@graph":[{"@type":"Organization","@id":"https:\/\/192.168.1.117:8086\/#organization","name":"Acem Esclerosis","url":"https:\/\/192.168.1.117:8086\/","sameAs":[],"logo":{"@type":"ImageObject","@id":"https:\/\/192.168.1.117:8086\/#logo","inLanguage":"es","url":"https:\/\/acemesclerosis.org\/wp-content\/uploads\/2021\/09\/WhatsApp-Image-2021-09-27-at-14.06.43.jpeg","contentUrl":"https:\/\/acemesclerosis.org\/wp-content\/uploads\/2021\/09\/WhatsApp-Image-2021-09-27-at-14.06.43.jpeg","width":1600,"height":592,"caption":"Acem Esclerosis"},"image":{"@id":"https:\/\/192.168.1.117:8086\/#logo"}},{"@type":"WebSite","@id":"https:\/\/192.168.1.117:8086\/#website","url":"https:\/\/192.168.1.117:8086\/","name":"ACEM Esclerosis","description":"Asociaci\u00f3n Coru\u00f1esa de Esclerosis M\u00faltiple","publisher":{"@id":"https:\/\/192.168.1.117:8086\/#organization"},"potentialAction":[{"@type":"SearchAction","target":{"@type":"EntryPoint","urlTemplate":"https:\/\/192.168.1.117:8086\/?s={search_term_string}"},"query-input":"required name=search_term_string"}],"inLanguage":"es"},{"@type":"WebPage","@id":"https:\/\/acemesclerosis.org\/?page_id=22#webpage","url":"https:\/\/acemesclerosis.org\/?page_id=22","name":"Quienes Somos - ACEM Esclerosis","isPartOf":{"@id":"https:\/\/192.168.1.117:8086\/#website"},"datePublished":"2021-08-12T09:15:31+00:00","dateModified":"2025-04-15T07:45:43+00:00","breadcrumb":{"@id":"https:\/\/acemesclerosis.org\/?page_id=22#breadcrumb"},"inLanguage":"es","potentialAction":[{"@type":"ReadAction","target":["https:\/\/acemesclerosis.org\/?page_id=22"]}]},{"@type":"BreadcrumbList","@id":"https:\/\/acemesclerosis.org\/?page_id=22#breadcrumb","itemListElement":[{"@type":"ListItem","position":1,"name":"Portada","item":"https:\/\/192.168.1.117:8086\/"},{"@type":"ListItem","position":2,"name":"Quienes Somos"}]}]}},"_links":{"self":[{"href":"https:\/\/acemesclerosis.org\/index.php?rest_route=\/wp\/v2\/pages\/22","targetHints":{"allow":["GET"]}}],"collection":[{"href":"https:\/\/acemesclerosis.org\/index.php?rest_route=\/wp\/v2\/pages"}],"about":[{"href":"https:\/\/acemesclerosis.org\/index.php?rest_route=\/wp\/v2\/types\/page"}],"author":[{"embeddable":true,"href":"https:\/\/acemesclerosis.org\/index.php?rest_route=\/wp\/v2\/users\/1"}],"replies":[{"embeddable":true,"href":"https:\/\/acemesclerosis.org\/index.php?rest_route=%2Fwp%2Fv2%2Fcomments&post=22"}],"version-history":[{"count":66,"href":"https:\/\/acemesclerosis.org\/index.php?rest_route=\/wp\/v2\/pages\/22\/revisions"}],"predecessor-version":[{"id":4473,"href":"https:\/\/acemesclerosis.org\/index.php?rest_route=\/wp\/v2\/pages\/22\/revisions\/4473"}],"wp:attachment":[{"href":"https:\/\/acemesclerosis.org\/index.php?rest_route=%2Fwp%2Fv2%2Fmedia&parent=22"}],"curies":[{"name":"wp","href":"https:\/\/api.w.org\/{rel}","templated":true}]}}