{"id":356,"date":"2021-09-27T09:41:07","date_gmt":"2021-09-27T09:41:07","guid":{"rendered":"https:\/\/acemesclerosis.org\/?page_id=356"},"modified":"2025-04-15T09:01:16","modified_gmt":"2025-04-15T09:01:16","slug":"transporte-adaptado","status":"publish","type":"page","link":"https:\/\/acemesclerosis.org\/?page_id=356","title":{"rendered":"Transporte Adaptado"},"content":{"rendered":"\t\t<div data-elementor-type=\"wp-page\" data-elementor-id=\"356\" class=\"elementor elementor-356\" data-elementor-settings=\"[]\">\n\t\t\t\t\t\t\t<div class=\"elementor-section-wrap\">\n\t\t\t\t\t\t\t<section class=\"elementor-section elementor-top-section elementor-element elementor-element-86375de elementor-section-full_width elementor-section-height-min-height elementor-section-height-default elementor-section-items-middle\" data-id=\"86375de\" data-element_type=\"section\" data-settings=\"{&quot;background_background&quot;:&quot;classic&quot;,&quot;background_motion_fx_motion_fx_scrolling&quot;:&quot;yes&quot;,&quot;background_motion_fx_devices&quot;:[&quot;desktop&quot;,&quot;tablet&quot;,&quot;mobile&quot;]}\">\n\t\t\t\t\t\t<div class=\"elementor-container elementor-column-gap-no\">\n\t\t\t\t\t<div class=\"elementor-column elementor-col-100 elementor-top-column elementor-element elementor-element-f1fb508\" data-id=\"f1fb508\" data-element_type=\"column\">\n\t\t\t<div class=\"elementor-widget-wrap elementor-element-populated\">\n\t\t\t\t\t\t\t\t<div class=\"elementor-element elementor-element-c201dd4 elementor--h-position-center elementor--v-position-middle elementor-arrows-position-inside elementor-pagination-position-inside elementor-widget elementor-widget-slides\" data-id=\"c201dd4\" data-element_type=\"widget\" data-settings=\"{&quot;navigation&quot;:&quot;both&quot;,&quot;autoplay&quot;:&quot;yes&quot;,&quot;pause_on_hover&quot;:&quot;yes&quot;,&quot;pause_on_interaction&quot;:&quot;yes&quot;,&quot;autoplay_speed&quot;:5000,&quot;infinite&quot;:&quot;yes&quot;,&quot;transition&quot;:&quot;slide&quot;,&quot;transition_speed&quot;:500}\" data-widget_type=\"slides.default\">\n\t\t\t\t<div class=\"elementor-widget-container\">\n\t\t\t\t\t<div class=\"elementor-swiper\">\n\t\t\t<div class=\"elementor-slides-wrapper elementor-main-swiper swiper-container\" dir=\"ltr\" data-animation=\"fadeInUp\">\n\t\t\t\t<div class=\"swiper-wrapper elementor-slides\">\n\t\t\t\t\t<div class=\"elementor-repeater-item-ebf784f swiper-slide\"><div class=\"swiper-slide-bg\"><\/div><div class=\"swiper-slide-inner\" ><div class=\"swiper-slide-contents\"><\/div><\/div><\/div><div class=\"elementor-repeater-item-65333cc swiper-slide\"><div class=\"swiper-slide-bg\"><\/div><div class=\"swiper-slide-inner\" ><div class=\"swiper-slide-contents\"><\/div><\/div><\/div>\t\t\t\t<\/div>\n\t\t\t\t\t\t\t\t\t\t\t\t\t\t\t<div class=\"swiper-pagination\"><\/div>\n\t\t\t\t\t\t\t\t\t\t\t\t\t\t\t\t<div class=\"elementor-swiper-button elementor-swiper-button-prev\">\n\t\t\t\t\t\t\t<i class=\"eicon-chevron-left\" aria-hidden=\"true\"><\/i>\n\t\t\t\t\t\t\t<span class=\"elementor-screen-only\">Previous<\/span>\n\t\t\t\t\t\t<\/div>\n\t\t\t\t\t\t<div class=\"elementor-swiper-button elementor-swiper-button-next\">\n\t\t\t\t\t\t\t<i class=\"eicon-chevron-right\" aria-hidden=\"true\"><\/i>\n\t\t\t\t\t\t\t<span class=\"elementor-screen-only\">Next<\/span>\n\t\t\t\t\t\t<\/div>\n\t\t\t\t\t\t\t\t\t\t\t\t<\/div>\n\t\t<\/div>\n\t\t\t\t<\/div>\n\t\t\t\t<\/div>\n\t\t\t\t\t<\/div>\n\t\t<\/div>\n\t\t\t\t\t\t\t<\/div>\n\t\t<\/section>\n\t\t\t\t<section class=\"elementor-section elementor-top-section elementor-element elementor-element-df529c1 elementor-section-boxed elementor-section-height-default elementor-section-height-default\" data-id=\"df529c1\" data-element_type=\"section\" data-settings=\"{&quot;background_background&quot;:&quot;classic&quot;}\">\n\t\t\t\t\t\t<div class=\"elementor-container elementor-column-gap-default\">\n\t\t\t\t\t<div class=\"elementor-column elementor-col-100 elementor-top-column elementor-element elementor-element-1c92d6c\" data-id=\"1c92d6c\" data-element_type=\"column\">\n\t\t\t<div class=\"elementor-widget-wrap elementor-element-populated\">\n\t\t\t\t\t\t\t\t<div class=\"elementor-element elementor-element-2b46529 elementor-widget elementor-widget-heading\" data-id=\"2b46529\" data-element_type=\"widget\" data-widget_type=\"heading.default\">\n\t\t\t\t<div class=\"elementor-widget-container\">\n\t\t\t<h2 class=\"elementor-heading-title elementor-size-default\">transporte adaptado<\/h2>\t\t<\/div>\n\t\t\t\t<\/div>\n\t\t\t\t\t<\/div>\n\t\t<\/div>\n\t\t\t\t\t\t\t<\/div>\n\t\t<\/section>\n\t\t\t\t<section class=\"elementor-section elementor-top-section elementor-element elementor-element-d4af4d4 elementor-section-boxed elementor-section-height-default elementor-section-height-default\" data-id=\"d4af4d4\" data-element_type=\"section\" data-settings=\"{&quot;background_background&quot;:&quot;classic&quot;}\">\n\t\t\t\t\t\t<div class=\"elementor-container elementor-column-gap-default\">\n\t\t\t\t\t<div class=\"elementor-column elementor-col-100 elementor-top-column elementor-element elementor-element-f916212\" data-id=\"f916212\" data-element_type=\"column\">\n\t\t\t<div class=\"elementor-widget-wrap elementor-element-populated\">\n\t\t\t\t\t\t\t\t<div class=\"elementor-element elementor-element-79b0ab5 elementor-widget elementor-widget-text-editor\" data-id=\"79b0ab5\" data-element_type=\"widget\" data-widget_type=\"text-editor.default\">\n\t\t\t\t<div class=\"elementor-widget-container\">\n\t\t\t\t\t\t\t\t<div class=\"elementor-element elementor-element-77e7edc elementor-widget elementor-widget-text-editor\" data-id=\"77e7edc\" data-element_type=\"widget\" data-widget_type=\"text-editor.default\"><div class=\"elementor-widget-container\"><p>Gracias a la convocatoria de la Diputaci\u00f3n de A Coru\u00f1a (FOIEV\/2022) Programa de adquisici\u00f3n y cesi\u00f3n de veh\u00edculos a entidades sin \u00e1nimo de lucro de la provincia de A Coru\u00f1a para la mejora de servicios y\/o prestaciones en materia de servicios sociales y\/o sociosanitarios durante el a\u00f1o 2022.<\/p><p>ACEM dispone desde enero de 2023, de una furgoneta con matr\u00edcula 3577 MKB totalmente adaptada, con capacidad para 8 personas (6 en asiento del veh\u00edculo y dos en sillas de ruedas), teniendo una opci\u00f3n alternativa de 9 plazas en asiento.<\/p><p>El horario de servicio es de:<\/p><p>Lunes a Jueves de 9:00 a 14:00 y de 15:30 a 19:30\/ 20:00<br \/>Viernes de 9:00 a 14:00<\/p><\/div><\/div>\t\t\t\t\t\t<\/div>\n\t\t\t\t<\/div>\n\t\t\t\t\t<\/div>\n\t\t<\/div>\n\t\t\t\t\t\t\t<\/div>\n\t\t<\/section>\n\t\t\t\t<section class=\"elementor-section elementor-top-section elementor-element elementor-element-64e558e elementor-section-boxed elementor-section-height-default elementor-section-height-default\" data-id=\"64e558e\" data-element_type=\"section\" data-settings=\"{&quot;background_background&quot;:&quot;classic&quot;}\">\n\t\t\t\t\t\t<div class=\"elementor-container elementor-column-gap-default\">\n\t\t\t\t\t<div class=\"elementor-column elementor-col-100 elementor-top-column elementor-element elementor-element-7daaebf\" data-id=\"7daaebf\" data-element_type=\"column\">\n\t\t\t<div class=\"elementor-widget-wrap elementor-element-populated\">\n\t\t\t\t\t\t\t\t<div class=\"elementor-element elementor-element-a12d965 elementor-widget elementor-widget-heading\" data-id=\"a12d965\" data-element_type=\"widget\" data-widget_type=\"heading.default\">\n\t\t\t\t<div class=\"elementor-widget-container\">\n\t\t\t<h2 class=\"elementor-heading-title elementor-size-default\">objetivos<\/h2>\t\t<\/div>\n\t\t\t\t<\/div>\n\t\t\t\t\t<\/div>\n\t\t<\/div>\n\t\t\t\t\t\t\t<\/div>\n\t\t<\/section>\n\t\t\t\t<section class=\"elementor-section elementor-top-section elementor-element elementor-element-d20046e elementor-section-boxed elementor-section-height-default elementor-section-height-default\" data-id=\"d20046e\" data-element_type=\"section\" data-settings=\"{&quot;background_background&quot;:&quot;classic&quot;}\">\n\t\t\t\t\t\t<div class=\"elementor-container elementor-column-gap-default\">\n\t\t\t\t\t<div class=\"elementor-column elementor-col-100 elementor-top-column elementor-element elementor-element-b58d5d5\" data-id=\"b58d5d5\" data-element_type=\"column\">\n\t\t\t<div class=\"elementor-widget-wrap elementor-element-populated\">\n\t\t\t\t\t\t\t\t<div class=\"elementor-element elementor-element-6c3656c elementor-widget elementor-widget-text-editor\" data-id=\"6c3656c\" data-element_type=\"widget\" data-widget_type=\"text-editor.default\">\n\t\t\t\t<div class=\"elementor-widget-container\">\n\t\t\t\t\t\t\t\t<ul><li>Disponer de un servicio puerta a puerta, dirigido a todas aquellas personas cuya enfermedad, asociada a una discapacidad los limita en sus desplazamientos.<\/li><li>Ofrecer, en la medida que la demanda lo permita, una alternativa a los servicios de autob\u00fas urbano, taxis u otros servicios de transporte adaptado (065, empresas particulares,\u2026).<\/li><li>Solventar la dificultad que ocasiona no disponer de veh\u00edculo adaptado propio.<\/li><li>Potenciar la autonom\u00eda del usuario y favorecer el respiro familiar.<\/li><li>Ayudar a mejorar la calidad de vida de los usuarios y su actividad social.<\/li><li>Ajustar las necesidades econ\u00f3micas, horarias y asistenciales a cada uno de los usuarios.<\/li><li>Colaborar con el medio ambiente y reducir la contaminaci\u00f3n.<\/li><\/ul><p>\u00a0<\/p><p>El servicio se gestiona a trav\u00e9s del servicio de trabajo social, donde se entrega la solicitud de demanda de transporte, esta contiene los datos personales del usuario y los horarios de realizaci\u00f3n de actividades en el centro por parte del mismo. La demanda es presentada siempre por parte de la entidad a la cual pertenece.<\/p><p>En coordinaci\u00f3n con la responsable del servicio, se determina si se puede o no atender la solicitud. La contestaci\u00f3n se realiza en el menor tiempo posible, procurando no exceda de los dos d\u00edas la respuesta. Si esta es positiva y aceptada por el usuario se procede a dar de alta al mismo. Se firma documentaci\u00f3n del protocolo de normas de uso del trasporte, protecci\u00f3n de datos, se entrega copia debidamente sellada y firmada al usuario junto a la comunicaci\u00f3n de horarios de recogida y comienza la prestaci\u00f3n del servicio.<\/p>\t\t\t\t\t\t<\/div>\n\t\t\t\t<\/div>\n\t\t\t\t\t<\/div>\n\t\t<\/div>\n\t\t\t\t\t\t\t<\/div>\n\t\t<\/section>\n\t\t\t\t\t\t<\/div>\n\t\t\t\t\t<\/div>\n\t\t","protected":false},"excerpt":{"rendered":"<p>Previous Next transporte adaptado Gracias a la convocatoria de la Diputaci\u00f3n de A Coru\u00f1a (FOIEV\/2022) Programa de adquisici\u00f3n y cesi\u00f3n de veh\u00edculos a entidades sin \u00e1nimo de lucro de la provincia de A Coru\u00f1a para la mejora de servicios y\/o prestaciones en materia de servicios sociales y\/o sociosanitarios durante el a\u00f1o 2022. ACEM dispone desde [&hellip;]<\/p>\n","protected":false},"author":1,"featured_media":0,"parent":0,"menu_order":0,"comment_status":"closed","ping_status":"closed","template":"elementor_header_footer","meta":{"footnotes":""},"class_list":["post-356","page","type-page","status-publish","hentry"],"yoast_head":"<!-- This site is optimized with the Yoast SEO plugin v17.9 - https:\/\/yoast.com\/wordpress\/plugins\/seo\/ -->\n<title>Transporte Adaptado - ACEM Esclerosis<\/title>\n<meta name=\"robots\" content=\"index, follow, max-snippet:-1, max-image-preview:large, max-video-preview:-1\" \/>\n<link rel=\"canonical\" href=\"https:\/\/acemesclerosis.org\/?page_id=356\" \/>\n<meta property=\"og:locale\" content=\"es_ES\" \/>\n<meta property=\"og:type\" content=\"article\" \/>\n<meta property=\"og:title\" content=\"Transporte Adaptado - ACEM Esclerosis\" \/>\n<meta property=\"og:description\" content=\"Previous Next transporte adaptado Gracias a la convocatoria de la Diputaci\u00f3n de A Coru\u00f1a (FOIEV\/2022) Programa de adquisici\u00f3n y cesi\u00f3n de veh\u00edculos a entidades sin \u00e1nimo de lucro de la provincia de A Coru\u00f1a para la mejora de servicios y\/o prestaciones en materia de servicios sociales y\/o sociosanitarios durante el a\u00f1o 2022. ACEM dispone desde [&hellip;]\" \/>\n<meta property=\"og:url\" content=\"https:\/\/acemesclerosis.org\/?page_id=356\" \/>\n<meta property=\"og:site_name\" content=\"ACEM Esclerosis\" \/>\n<meta property=\"article:modified_time\" content=\"2025-04-15T09:01:16+00:00\" \/>\n<meta name=\"twitter:card\" content=\"summary_large_image\" \/>\n<meta name=\"twitter:label1\" content=\"Tiempo de lectura\" \/>\n\t<meta name=\"twitter:data1\" content=\"2 minutos\" \/>\n<script type=\"application\/ld+json\" class=\"yoast-schema-graph\">{\"@context\":\"https:\/\/schema.org\",\"@graph\":[{\"@type\":\"Organization\",\"@id\":\"https:\/\/192.168.1.117:8086\/#organization\",\"name\":\"Acem Esclerosis\",\"url\":\"https:\/\/192.168.1.117:8086\/\",\"sameAs\":[],\"logo\":{\"@type\":\"ImageObject\",\"@id\":\"https:\/\/192.168.1.117:8086\/#logo\",\"inLanguage\":\"es\",\"url\":\"https:\/\/acemesclerosis.org\/wp-content\/uploads\/2021\/09\/WhatsApp-Image-2021-09-27-at-14.06.43.jpeg\",\"contentUrl\":\"https:\/\/acemesclerosis.org\/wp-content\/uploads\/2021\/09\/WhatsApp-Image-2021-09-27-at-14.06.43.jpeg\",\"width\":1600,\"height\":592,\"caption\":\"Acem Esclerosis\"},\"image\":{\"@id\":\"https:\/\/192.168.1.117:8086\/#logo\"}},{\"@type\":\"WebSite\",\"@id\":\"https:\/\/192.168.1.117:8086\/#website\",\"url\":\"https:\/\/192.168.1.117:8086\/\",\"name\":\"ACEM Esclerosis\",\"description\":\"Asociaci\\u00f3n Coru\\u00f1esa de Esclerosis M\\u00faltiple\",\"publisher\":{\"@id\":\"https:\/\/192.168.1.117:8086\/#organization\"},\"potentialAction\":[{\"@type\":\"SearchAction\",\"target\":{\"@type\":\"EntryPoint\",\"urlTemplate\":\"https:\/\/192.168.1.117:8086\/?s={search_term_string}\"},\"query-input\":\"required name=search_term_string\"}],\"inLanguage\":\"es\"},{\"@type\":\"WebPage\",\"@id\":\"https:\/\/acemesclerosis.org\/?page_id=356#webpage\",\"url\":\"https:\/\/acemesclerosis.org\/?page_id=356\",\"name\":\"Transporte Adaptado - ACEM Esclerosis\",\"isPartOf\":{\"@id\":\"https:\/\/192.168.1.117:8086\/#website\"},\"datePublished\":\"2021-09-27T09:41:07+00:00\",\"dateModified\":\"2025-04-15T09:01:16+00:00\",\"breadcrumb\":{\"@id\":\"https:\/\/acemesclerosis.org\/?page_id=356#breadcrumb\"},\"inLanguage\":\"es\",\"potentialAction\":[{\"@type\":\"ReadAction\",\"target\":[\"https:\/\/acemesclerosis.org\/?page_id=356\"]}]},{\"@type\":\"BreadcrumbList\",\"@id\":\"https:\/\/acemesclerosis.org\/?page_id=356#breadcrumb\",\"itemListElement\":[{\"@type\":\"ListItem\",\"position\":1,\"name\":\"Portada\",\"item\":\"https:\/\/192.168.1.117:8086\/\"},{\"@type\":\"ListItem\",\"position\":2,\"name\":\"Transporte Adaptado\"}]}]}<\/script>\n<!-- \/ Yoast SEO plugin. -->","yoast_head_json":{"title":"Transporte Adaptado - ACEM Esclerosis","robots":{"index":"index","follow":"follow","max-snippet":"max-snippet:-1","max-image-preview":"max-image-preview:large","max-video-preview":"max-video-preview:-1"},"canonical":"https:\/\/acemesclerosis.org\/?page_id=356","og_locale":"es_ES","og_type":"article","og_title":"Transporte Adaptado - ACEM Esclerosis","og_description":"Previous Next transporte adaptado Gracias a la convocatoria de la Diputaci\u00f3n de A Coru\u00f1a (FOIEV\/2022) Programa de adquisici\u00f3n y cesi\u00f3n de veh\u00edculos a entidades sin \u00e1nimo de lucro de la provincia de A Coru\u00f1a para la mejora de servicios y\/o prestaciones en materia de servicios sociales y\/o sociosanitarios durante el a\u00f1o 2022. ACEM dispone desde [&hellip;]","og_url":"https:\/\/acemesclerosis.org\/?page_id=356","og_site_name":"ACEM Esclerosis","article_modified_time":"2025-04-15T09:01:16+00:00","twitter_card":"summary_large_image","twitter_misc":{"Tiempo de lectura":"2 minutos"},"schema":{"@context":"https:\/\/schema.org","@graph":[{"@type":"Organization","@id":"https:\/\/192.168.1.117:8086\/#organization","name":"Acem Esclerosis","url":"https:\/\/192.168.1.117:8086\/","sameAs":[],"logo":{"@type":"ImageObject","@id":"https:\/\/192.168.1.117:8086\/#logo","inLanguage":"es","url":"https:\/\/acemesclerosis.org\/wp-content\/uploads\/2021\/09\/WhatsApp-Image-2021-09-27-at-14.06.43.jpeg","contentUrl":"https:\/\/acemesclerosis.org\/wp-content\/uploads\/2021\/09\/WhatsApp-Image-2021-09-27-at-14.06.43.jpeg","width":1600,"height":592,"caption":"Acem Esclerosis"},"image":{"@id":"https:\/\/192.168.1.117:8086\/#logo"}},{"@type":"WebSite","@id":"https:\/\/192.168.1.117:8086\/#website","url":"https:\/\/192.168.1.117:8086\/","name":"ACEM Esclerosis","description":"Asociaci\u00f3n Coru\u00f1esa de Esclerosis M\u00faltiple","publisher":{"@id":"https:\/\/192.168.1.117:8086\/#organization"},"potentialAction":[{"@type":"SearchAction","target":{"@type":"EntryPoint","urlTemplate":"https:\/\/192.168.1.117:8086\/?s={search_term_string}"},"query-input":"required name=search_term_string"}],"inLanguage":"es"},{"@type":"WebPage","@id":"https:\/\/acemesclerosis.org\/?page_id=356#webpage","url":"https:\/\/acemesclerosis.org\/?page_id=356","name":"Transporte Adaptado - ACEM Esclerosis","isPartOf":{"@id":"https:\/\/192.168.1.117:8086\/#website"},"datePublished":"2021-09-27T09:41:07+00:00","dateModified":"2025-04-15T09:01:16+00:00","breadcrumb":{"@id":"https:\/\/acemesclerosis.org\/?page_id=356#breadcrumb"},"inLanguage":"es","potentialAction":[{"@type":"ReadAction","target":["https:\/\/acemesclerosis.org\/?page_id=356"]}]},{"@type":"BreadcrumbList","@id":"https:\/\/acemesclerosis.org\/?page_id=356#breadcrumb","itemListElement":[{"@type":"ListItem","position":1,"name":"Portada","item":"https:\/\/192.168.1.117:8086\/"},{"@type":"ListItem","position":2,"name":"Transporte Adaptado"}]}]}},"_links":{"self":[{"href":"https:\/\/acemesclerosis.org\/index.php?rest_route=\/wp\/v2\/pages\/356","targetHints":{"allow":["GET"]}}],"collection":[{"href":"https:\/\/acemesclerosis.org\/index.php?rest_route=\/wp\/v2\/pages"}],"about":[{"href":"https:\/\/acemesclerosis.org\/index.php?rest_route=\/wp\/v2\/types\/page"}],"author":[{"embeddable":true,"href":"https:\/\/acemesclerosis.org\/index.php?rest_route=\/wp\/v2\/users\/1"}],"replies":[{"embeddable":true,"href":"https:\/\/acemesclerosis.org\/index.php?rest_route=%2Fwp%2Fv2%2Fcomments&post=356"}],"version-history":[{"count":40,"href":"https:\/\/acemesclerosis.org\/index.php?rest_route=\/wp\/v2\/pages\/356\/revisions"}],"predecessor-version":[{"id":4565,"href":"https:\/\/acemesclerosis.org\/index.php?rest_route=\/wp\/v2\/pages\/356\/revisions\/4565"}],"wp:attachment":[{"href":"https:\/\/acemesclerosis.org\/index.php?rest_route=%2Fwp%2Fv2%2Fmedia&parent=356"}],"curies":[{"name":"wp","href":"https:\/\/api.w.org\/{rel}","templated":true}]}}